{"id":79410,"date":"2026-07-23T14:15:13","date_gmt":"2026-07-23T12:15:13","guid":{"rendered":"https:\/\/sporttechs.it\/sac-a-dos-de-chasse-nature-suede-65-pf-pro-pour-homme-sue65pfm650\/"},"modified":"2026-07-23T14:40:57","modified_gmt":"2026-07-23T12:40:57","slug":"sac-a-dos-de-chasse-nature-suede-65-pf-pro-pour-homme-sue65pfm650","status":"publish","type":"product","link":"https:\/\/sporttechs.it\/fr\/sac-a-dos-de-chasse-nature-suede-65-pf-pro-pour-homme-sue65pfm650\/","title":{"rendered":"Sac \u00e0 dos de chasse Nature SUEDE 65 PF PRO pour homme SUE65PFM650"},"content":{"rendered":"<p>Sac \u00e0 dos de chasse SUEDE 65 PF PRO pour le transport du gibier, en mat\u00e9riau silencieux. Il est dot\u00e9 d&#8217;un dos SYSTEM 418X qui maintient la charge \u00e9quilibr\u00e9e et d&#8217;un dos toujours ventil\u00e9. Il est \u00e9galement dot\u00e9 de bretelles rembourr\u00e9es et r\u00e9glables avec sangle de poitrine coulissante et boucle sifflet. Son ouverture int\u00e9grale en Hypalon, avec fermeture \u00e9clair int\u00e9grale, est ajustable en fonction de la taille de l&#8217;animal. Gr\u00e2ce aux sangles lat\u00e9rales et \u00e0 celles int\u00e9gr\u00e9es, il est possible de l&#8217;utiliser au mieux pour des d\u00e9placements en tout confort. Il est \u00e9quip\u00e9 d&#8217;un carnier \u00e9tanche et thermoscell\u00e9 log\u00e9 dans une grande poche avant. La poche avant rabattable pour carabine et fusil est utile lors des longs voyages pour ranger l&#8217;arme en toute s\u00e9curit\u00e9. De plus, lorsqu&#8217;elle n&#8217;est pas utilis\u00e9e, elle se transforme en un compartiment de rangement spacieux. Il dispose de 4 poches : 2 grandes \u00e0 l&#8217;avant, 1 sur la capuche pour les documents et une poche int\u00e9rieure rembourr\u00e9e pour la lunette. Impression SOS \u00e0 l&#8217;int\u00e9rieur de la capuche.      <\/p>\n","protected":false},"excerpt":{"rendered":"<p>Sac \u00e0 dos de chasse pour transporter le gibier.<\/p>\n","protected":false},"featured_media":78377,"comment_status":"closed","ping_status":"closed","template":"","meta":{"_acf_changed":false},"product_brand":[],"product_cat":[1464],"product_tag":[2828],"categoria_seo":[],"class_list":{"0":"post-79410","1":"product","2":"type-product","3":"status-publish","4":"has-post-thumbnail","6":"product_cat-sacs-a-dos-et-sacs-a-dos","7":"product_tag-nouveaute2026","8":"pa_genere-lhomme","9":"pa_stagione-automne-hiver","10":"pa_attivita-chasse","11":"pa_tessuto-daim-fr","12":"pa_brand-nature-fr","13":"pa_colore-vert","14":"pa_taglia-un","16":"first","17":"instock","18":"purchasable","19":"product-type-variable","20":"has-default-attributes"},"bundled_by":[],"bundle_stock_status":"instock","bundle_stock_quantity":null,"bundle_virtual":false,"bundle_layout":"","bundle_add_to_cart_form_location":"","bundle_editable_in_cart":false,"bundle_sold_individually_context":"","bundle_item_grouping":"","bundle_min_size":"","bundle_max_size":"","bundle_price":[],"bundled_items":[],"bundle_sell_ids":[],"acf":[],"aioseo_notices":[],"_links":{"self":[{"href":"https:\/\/sporttechs.it\/fr\/wp-json\/wp\/v2\/product\/79410","targetHints":{"allow":["GET"]}}],"collection":[{"href":"https:\/\/sporttechs.it\/fr\/wp-json\/wp\/v2\/product"}],"about":[{"href":"https:\/\/sporttechs.it\/fr\/wp-json\/wp\/v2\/types\/product"}],"replies":[{"embeddable":true,"href":"https:\/\/sporttechs.it\/fr\/wp-json\/wp\/v2\/comments?post=79410"}],"wp:featuredmedia":[{"embeddable":true,"href":"https:\/\/sporttechs.it\/fr\/wp-json\/wp\/v2\/media\/78377"}],"wp:attachment":[{"href":"https:\/\/sporttechs.it\/fr\/wp-json\/wp\/v2\/media?parent=79410"}],"wp:term":[{"taxonomy":"product_brand","embeddable":true,"href":"https:\/\/sporttechs.it\/fr\/wp-json\/wp\/v2\/product_brand?post=79410"},{"taxonomy":"product_cat","embeddable":true,"href":"https:\/\/sporttechs.it\/fr\/wp-json\/wp\/v2\/product_cat?post=79410"},{"taxonomy":"product_tag","embeddable":true,"href":"https:\/\/sporttechs.it\/fr\/wp-json\/wp\/v2\/product_tag?post=79410"},{"taxonomy":"categoria_seo","embeddable":true,"href":"https:\/\/sporttechs.it\/fr\/wp-json\/wp\/v2\/categoria_seo?post=79410"}],"curies":[{"name":"wp","href":"https:\/\/api.w.org\/{rel}","templated":true}]}}